{"id":111,"date":"2025-05-18T18:18:33","date_gmt":"2025-05-18T16:18:33","guid":{"rendered":"https:\/\/lechantdesrivieres.org\/?page_id=111"},"modified":"2025-07-08T18:53:04","modified_gmt":"2025-07-08T16:53:04","slug":"projet-leau-et-ses-enjeux","status":"publish","type":"page","link":"https:\/\/lechantdesrivieres.org\/index.php\/projet-leau-et-ses-enjeux\/","title":{"rendered":"Projet l&#8217;Eau et ses enjeux"},"content":{"rendered":"\n<div data-wp-interactive=\"core\/file\" class=\"wp-block-file\"><object data-wp-bind--hidden=\"!state.hasPdfPreview\" hidden class=\"wp-block-file__embed\" data=\"https:\/\/lechantdesrivieres.org\/wp-content\/uploads\/2025\/05\/BrochuregestionrisquecruesEPLoireWWFoct2008-2.pdf\" type=\"application\/pdf\" style=\"width:100%;height:600px\" aria-label=\"Embed of BrochuregestionrisquecruesEPLoireWWFoct2008.\"><\/object><a id=\"wp-block-file--media-40987d68-d8f8-4640-b7b7-639c86175bcf\" href=\"https:\/\/lechantdesrivieres.org\/wp-content\/uploads\/2025\/05\/BrochuregestionrisquecruesEPLoireWWFoct2008-2.pdf\">BrochuregestionrisquecruesEPLoireWWFoct2008<\/a><a href=\"https:\/\/lechantdesrivieres.org\/wp-content\/uploads\/2025\/05\/BrochuregestionrisquecruesEPLoireWWFoct2008-2.pdf\" class=\"wp-block-file__button wp-element-button\" download aria-describedby=\"wp-block-file--media-40987d68-d8f8-4640-b7b7-639c86175bcf\">T\u00e9l\u00e9charger<\/a><\/div>\n\n\n\n<p class=\"has-drop-cap\" style=\"font-size:24px\"><strong>Une nouvelle culture du risque naturel d\u2019inondations est possible<\/strong><\/p>\n\n\n\n<p>Mais le d\u00e9r\u00e8glement n\u2019est pas la seule raison de l\u2019aggravation des d\u00e9g\u00e2ts et des risques. Loin de l\u00e0. Des d\u00e9cennies d\u2019occupation imprudente des zones inondables, d\u2019imperm\u00e9abilisation des sols, de pratiques agricoles non durables, comme l\u2019arasement des haies, les monocultures sur de trop grandes surfaces, le drainage des zones humides, le compactage des sols suffisent en eux-m\u00eames \u00e0 transformer un \u00e9v\u00e8nement pluvieux en \u00e9pisode catastrophique.&nbsp;<\/p>\n\n\n\n<p>Avec le d\u00e9r\u00e8glement climatique, les \u00e9v\u00e8nements pluvieux causent des dommages de plus en plus consid\u00e9rables aux soci\u00e9t\u00e9s humaines, comme l\u2019a par exemple montr\u00e9 la crue du Gier, dans la Loire, le 17 octobre 2024.<\/p>\n\n\n\n<p>Pour limiter les dommages, il faut donc changer de cap.&nbsp;<\/p>\n\n\n\n<p>La bonne nouvelle est que c\u2019est possible, et notre pays est sur la bonne voie. Depuis la lutte de Loire Vivante, entre 1986 et 1994 contre les projets de grands barrages sur la Loire cens\u00e9s pouvoir \u00ab&nbsp;contr\u00f4ler les crues&nbsp;\u00bb, les politiques publiques de restauration des fleuves se mettent en place progressivement. Le Plan Loire Grandeur Nature, lanc\u00e9 par Michel Barnier en 1994 a ouverte la voie.&nbsp;<\/p>\n\n\n\n<p>Aujourd\u2019hui, il devient courant d\u2019enlever des maisons, des entreprises trop expos\u00e9es car construites dans le lit des rivi\u00e8res, voire de remettre \u00e0 l\u2019air libre des rivi\u00e8res imprudemment recouvertes par du b\u00e9ton \u00e0 l\u2019air libre, afin de leur redonner plus de place pour l\u2019\u00e9coulement en crue. C\u2019est ce que devrait faire la ville de Rive-de-Gier, dans la Loire.&nbsp;<\/p>\n\n\n\n<p>L\u2019int\u00e9r\u00eat de ces nouvelles pratiques est aussi de remettre les rivi\u00e8res dans l\u2019espace public, dans nos vies, nos paysages et de permettre ainsi le retour de leur biodiversit\u00e9 disparue<\/p>\n\n\n\n<p><\/p>\n\n\n\n<p><\/p>\n\n\n\n\n\n<p class=\"has-drop-cap\" style=\"font-size:25px\"><strong>C\u00e9l\u00e9brer la restauration des rivi\u00e8res&nbsp;: les guinguettes sur le Furan \u00e0 Andr\u00e9zieux Bouth\u00e9on.<\/strong><\/p>\n\n\n\n<p>Les rivi\u00e8res, les fleuves accompagnent nos vies depuis la nuit des temps. Elles sont intimement li\u00e9es \u00e0 nos diverses civilisations. Elles ont favoris\u00e9 l\u2019implantation des villes, impr\u00e8gnent nos arts, nos modes de vie, nos croyances. Elles nous ont aussi nourri pendant des temps imm\u00e9moriaux, gr\u00e2ce \u00e0 l\u2019activit\u00e9 des p\u00eacheurs professionnels en eau douce, une profession aujourd\u2019hui menac\u00e9e.&nbsp;<\/p>\n\n\n\n<p>Nous avions oubli\u00e9 cela durant un XX \u00e9me si\u00e8cle qui les am\u00e9nag\u00e9es sans m\u00e9nagement.&nbsp;<\/p>\n\n\n\n<p>Depuis une trentaine d\u2019ann\u00e9es, des efforts cons\u00e9quents sont entrepris partout sur la plan\u00e8te pour les restaurer, les remettre au centre de nos vies. Nous pouvons retrouver certains de leurs bienfaits oubli\u00e9s, apprendre \u00e0 se tenir \u00e0 distance de leurs terribles col\u00e8res. Nous avons compris qu\u2019elles nous aident \u00e0 rafraichir les villes, qu\u2019elles sont sources de beaut\u00e9, de joies, de d\u00e9tente dans des espaces urbains trop min\u00e9ralis\u00e9s.&nbsp;<\/p>\n\n\n\n<p>Des op\u00e9rations comme le World Fish Migration Day rassemblent, depuis une dizaine d\u2019ann\u00e9es, des p\u00eacheurs, riverains, scientifiques, entreprises, \u00e9lus, associations sur les bords des rivi\u00e8res dans le monde entier, afin de c\u00e9l\u00e9brer le retour des poissons migrateurs. &nbsp;<\/p>\n\n\n\n<p>Dans la Loire, \u00e0 Andr\u00e9zieux-Bouth\u00e9on, le Chant des Rivi\u00e8res a lanc\u00e9 en 2022 avec La Fabrique une f\u00eate annuelle pour c\u00e9l\u00e9brer la restauration du Furan, une rivi\u00e8re rudement industrialis\u00e9e au fil de la glorieuse histoire de Saint Etienne.&nbsp; La restauration entreprise par Saint Etienne M\u00e9tropole depuis les ann\u00e9es 90 est une r\u00e9ussite m\u00e9connue. Pendant deux soir\u00e9es en fin d\u2019\u00e9t\u00e9, les riverains viennent \u00e9couter de la musique, dansent, mangent et boivent sur les bords du Furan en voie de renaturalisation.&nbsp;<\/p>\n\n\n\n<p>C\u00e9l\u00e9brons. Ecoutons le chant de l\u2019eau. Contemplons la beaut\u00e9 des rivi\u00e8res.&nbsp;<\/p>\n\n\n\n\n\n\n\n\n\n<div data-wp-interactive=\"core\/file\" class=\"wp-block-file\"><object data-wp-bind--hidden=\"!state.hasPdfPreview\" hidden class=\"wp-block-file__embed\" data=\"https:\/\/lechantdesrivieres.org\/wp-content\/uploads\/2025\/07\/GUINGUETTE-4-FuranFabriqueChantdesRivieresAout2025-copie.pdf\" type=\"application\/pdf\" style=\"width:100%;height:600px\" aria-label=\"Embed of GUINGUETTE 4 FuranFabriqueChantdesRivie\u0300resAou\u0302t2025 copie.\"><\/object><a id=\"wp-block-file--media-40ba740a-75bc-4956-b0ef-64bfe12f1ae2\" href=\"https:\/\/lechantdesrivieres.org\/wp-content\/uploads\/2025\/07\/GUINGUETTE-4-FuranFabriqueChantdesRivieresAout2025-copie.pdf\">GUINGUETTE 4 FuranFabriqueChantdesRivie\u0300resAou\u0302t2025 copie<\/a><a href=\"https:\/\/lechantdesrivieres.org\/wp-content\/uploads\/2025\/07\/GUINGUETTE-4-FuranFabriqueChantdesRivieresAout2025-copie.pdf\" class=\"wp-block-file__button wp-element-button\" download aria-describedby=\"wp-block-file--media-40ba740a-75bc-4956-b0ef-64bfe12f1ae2\">T\u00e9l\u00e9charger<\/a><\/div>\n","protected":false},"excerpt":{"rendered":"<p>Une nouvelle culture du risque naturel d\u2019inondations est possible Mais le d\u00e9r\u00e8glement n\u2019est pas la seule raison de l\u2019aggravation des d\u00e9g\u00e2ts et des risques. Loin de l\u00e0. Des d\u00e9cennies d\u2019occupation imprudente des zones inondables, d\u2019imperm\u00e9abilisation des sols, de pratiques agricoles non durables, comme l\u2019arasement des haies, les monocultures sur de trop grandes surfaces, le drainage [&hellip;]<\/p>\n","protected":false},"author":1,"featured_media":0,"parent":0,"menu_order":0,"comment_status":"closed","ping_status":"closed","template":"full-width","meta":{"saved_in_kubio":true,"footnotes":""},"class_list":["post-111","page","type-page","status-publish","hentry"],"kubio_ai_page_context":{"short_desc":"","purpose":"general"},"yoast_head":"<!-- This site is optimized with the Yoast SEO plugin v25.2 - https:\/\/yoast.com\/wordpress\/plugins\/seo\/ -->\n<title>Projet l&#039;Eau et ses enjeux - Homme, n\u2019oublie jamais qu\u2019un fleuve est une vie (Bernard Clavel).<\/title>\n<meta name=\"robots\" content=\"index, follow, max-snippet:-1, max-image-preview:large, max-video-preview:-1\" \/>\n<link rel=\"canonical\" href=\"https:\/\/lechantdesrivieres.org\/index.php\/projet-leau-et-ses-enjeux\/\" \/>\n<meta property=\"og:locale\" content=\"en_US\" \/>\n<meta property=\"og:type\" content=\"article\" \/>\n<meta property=\"og:title\" content=\"Projet l&#039;Eau et ses enjeux - Homme, n\u2019oublie jamais qu\u2019un fleuve est une vie (Bernard Clavel).\" \/>\n<meta property=\"og:description\" content=\"Une nouvelle culture du risque naturel d\u2019inondations est possible Mais le d\u00e9r\u00e8glement n\u2019est pas la seule raison de l\u2019aggravation des d\u00e9g\u00e2ts et des risques. Loin de l\u00e0. Des d\u00e9cennies d\u2019occupation imprudente des zones inondables, d\u2019imperm\u00e9abilisation des sols, de pratiques agricoles non durables, comme l\u2019arasement des haies, les monocultures sur de trop grandes surfaces, le drainage [&hellip;]\" \/>\n<meta property=\"og:url\" content=\"https:\/\/lechantdesrivieres.org\/index.php\/projet-leau-et-ses-enjeux\/\" \/>\n<meta property=\"og:site_name\" content=\"Homme, n\u2019oublie jamais qu\u2019un fleuve est une vie (Bernard Clavel).\" \/>\n<meta property=\"article:modified_time\" content=\"2025-07-08T16:53:04+00:00\" \/>\n<meta name=\"twitter:card\" content=\"summary_large_image\" \/>\n<meta name=\"twitter:label1\" content=\"Est. reading time\" \/>\n\t<meta name=\"twitter:data1\" content=\"3 minutes\" \/>\n<script type=\"application\/ld+json\" class=\"yoast-schema-graph\">{\"@context\":\"https:\/\/schema.org\",\"@graph\":[{\"@type\":\"WebPage\",\"@id\":\"https:\/\/lechantdesrivieres.org\/index.php\/projet-leau-et-ses-enjeux\/\",\"url\":\"https:\/\/lechantdesrivieres.org\/index.php\/projet-leau-et-ses-enjeux\/\",\"name\":\"Projet l'Eau et ses enjeux - Homme, n\u2019oublie jamais qu\u2019un fleuve est une vie (Bernard Clavel).\",\"isPartOf\":{\"@id\":\"https:\/\/lechantdesrivieres.org\/#website\"},\"datePublished\":\"2025-05-18T16:18:33+00:00\",\"dateModified\":\"2025-07-08T16:53:04+00:00\",\"breadcrumb\":{\"@id\":\"https:\/\/lechantdesrivieres.org\/index.php\/projet-leau-et-ses-enjeux\/#breadcrumb\"},\"inLanguage\":\"en-US\",\"potentialAction\":[{\"@type\":\"ReadAction\",\"target\":[\"https:\/\/lechantdesrivieres.org\/index.php\/projet-leau-et-ses-enjeux\/\"]}]},{\"@type\":\"BreadcrumbList\",\"@id\":\"https:\/\/lechantdesrivieres.org\/index.php\/projet-leau-et-ses-enjeux\/#breadcrumb\",\"itemListElement\":[{\"@type\":\"ListItem\",\"position\":1,\"name\":\"Accueil\",\"item\":\"https:\/\/lechantdesrivieres.org\/\"},{\"@type\":\"ListItem\",\"position\":2,\"name\":\"Projet l&rsquo;Eau et ses enjeux\"}]},{\"@type\":\"WebSite\",\"@id\":\"https:\/\/lechantdesrivieres.org\/#website\",\"url\":\"https:\/\/lechantdesrivieres.org\/\",\"name\":\"Le chant des rivi\u00e8res\",\"description\":\"Un site utilisant WordPress\",\"publisher\":{\"@id\":\"https:\/\/lechantdesrivieres.org\/#organization\"},\"potentialAction\":[{\"@type\":\"SearchAction\",\"target\":{\"@type\":\"EntryPoint\",\"urlTemplate\":\"https:\/\/lechantdesrivieres.org\/?s={search_term_string}\"},\"query-input\":{\"@type\":\"PropertyValueSpecification\",\"valueRequired\":true,\"valueName\":\"search_term_string\"}}],\"inLanguage\":\"en-US\"},{\"@type\":\"Organization\",\"@id\":\"https:\/\/lechantdesrivieres.org\/#organization\",\"name\":\"Homme, n\u2019oublie jamais qu\u2019un fleuve est une vie (Bernard Clavel).\",\"url\":\"https:\/\/lechantdesrivieres.org\/\",\"logo\":{\"@type\":\"ImageObject\",\"inLanguage\":\"en-US\",\"@id\":\"https:\/\/lechantdesrivieres.org\/#\/schema\/logo\/image\/\",\"url\":\"https:\/\/lechantdesrivieres.org\/wp-content\/uploads\/2025\/05\/LogoLeChantDesRivieres.jpg\",\"contentUrl\":\"https:\/\/lechantdesrivieres.org\/wp-content\/uploads\/2025\/05\/LogoLeChantDesRivieres.jpg\",\"width\":224,\"height\":156,\"caption\":\"Homme, n\u2019oublie jamais qu\u2019un fleuve est une vie (Bernard Clavel).\"},\"image\":{\"@id\":\"https:\/\/lechantdesrivieres.org\/#\/schema\/logo\/image\/\"}}]}<\/script>\n<!-- \/ Yoast SEO plugin. -->","yoast_head_json":{"title":"Projet l'Eau et ses enjeux - Homme, n\u2019oublie jamais qu\u2019un fleuve est une vie (Bernard Clavel).","robots":{"index":"index","follow":"follow","max-snippet":"max-snippet:-1","max-image-preview":"max-image-preview:large","max-video-preview":"max-video-preview:-1"},"canonical":"https:\/\/lechantdesrivieres.org\/index.php\/projet-leau-et-ses-enjeux\/","og_locale":"en_US","og_type":"article","og_title":"Projet l'Eau et ses enjeux - Homme, n\u2019oublie jamais qu\u2019un fleuve est une vie (Bernard Clavel).","og_description":"Une nouvelle culture du risque naturel d\u2019inondations est possible Mais le d\u00e9r\u00e8glement n\u2019est pas la seule raison de l\u2019aggravation des d\u00e9g\u00e2ts et des risques. Loin de l\u00e0. Des d\u00e9cennies d\u2019occupation imprudente des zones inondables, d\u2019imperm\u00e9abilisation des sols, de pratiques agricoles non durables, comme l\u2019arasement des haies, les monocultures sur de trop grandes surfaces, le drainage [&hellip;]","og_url":"https:\/\/lechantdesrivieres.org\/index.php\/projet-leau-et-ses-enjeux\/","og_site_name":"Homme, n\u2019oublie jamais qu\u2019un fleuve est une vie (Bernard Clavel).","article_modified_time":"2025-07-08T16:53:04+00:00","twitter_card":"summary_large_image","twitter_misc":{"Est. reading time":"3 minutes"},"schema":{"@context":"https:\/\/schema.org","@graph":[{"@type":"WebPage","@id":"https:\/\/lechantdesrivieres.org\/index.php\/projet-leau-et-ses-enjeux\/","url":"https:\/\/lechantdesrivieres.org\/index.php\/projet-leau-et-ses-enjeux\/","name":"Projet l'Eau et ses enjeux - Homme, n\u2019oublie jamais qu\u2019un fleuve est une vie (Bernard Clavel).","isPartOf":{"@id":"https:\/\/lechantdesrivieres.org\/#website"},"datePublished":"2025-05-18T16:18:33+00:00","dateModified":"2025-07-08T16:53:04+00:00","breadcrumb":{"@id":"https:\/\/lechantdesrivieres.org\/index.php\/projet-leau-et-ses-enjeux\/#breadcrumb"},"inLanguage":"en-US","potentialAction":[{"@type":"ReadAction","target":["https:\/\/lechantdesrivieres.org\/index.php\/projet-leau-et-ses-enjeux\/"]}]},{"@type":"BreadcrumbList","@id":"https:\/\/lechantdesrivieres.org\/index.php\/projet-leau-et-ses-enjeux\/#breadcrumb","itemListElement":[{"@type":"ListItem","position":1,"name":"Accueil","item":"https:\/\/lechantdesrivieres.org\/"},{"@type":"ListItem","position":2,"name":"Projet l&rsquo;Eau et ses enjeux"}]},{"@type":"WebSite","@id":"https:\/\/lechantdesrivieres.org\/#website","url":"https:\/\/lechantdesrivieres.org\/","name":"Le chant des rivi\u00e8res","description":"Un site utilisant WordPress","publisher":{"@id":"https:\/\/lechantdesrivieres.org\/#organization"},"potentialAction":[{"@type":"SearchAction","target":{"@type":"EntryPoint","urlTemplate":"https:\/\/lechantdesrivieres.org\/?s={search_term_string}"},"query-input":{"@type":"PropertyValueSpecification","valueRequired":true,"valueName":"search_term_string"}}],"inLanguage":"en-US"},{"@type":"Organization","@id":"https:\/\/lechantdesrivieres.org\/#organization","name":"Homme, n\u2019oublie jamais qu\u2019un fleuve est une vie (Bernard Clavel).","url":"https:\/\/lechantdesrivieres.org\/","logo":{"@type":"ImageObject","inLanguage":"en-US","@id":"https:\/\/lechantdesrivieres.org\/#\/schema\/logo\/image\/","url":"https:\/\/lechantdesrivieres.org\/wp-content\/uploads\/2025\/05\/LogoLeChantDesRivieres.jpg","contentUrl":"https:\/\/lechantdesrivieres.org\/wp-content\/uploads\/2025\/05\/LogoLeChantDesRivieres.jpg","width":224,"height":156,"caption":"Homme, n\u2019oublie jamais qu\u2019un fleuve est une vie (Bernard Clavel)."},"image":{"@id":"https:\/\/lechantdesrivieres.org\/#\/schema\/logo\/image\/"}}]}},"_links":{"self":[{"href":"https:\/\/lechantdesrivieres.org\/index.php\/wp-json\/wp\/v2\/pages\/111","targetHints":{"allow":["GET"]}}],"collection":[{"href":"https:\/\/lechantdesrivieres.org\/index.php\/wp-json\/wp\/v2\/pages"}],"about":[{"href":"https:\/\/lechantdesrivieres.org\/index.php\/wp-json\/wp\/v2\/types\/page"}],"author":[{"embeddable":true,"href":"https:\/\/lechantdesrivieres.org\/index.php\/wp-json\/wp\/v2\/users\/1"}],"replies":[{"embeddable":true,"href":"https:\/\/lechantdesrivieres.org\/index.php\/wp-json\/wp\/v2\/comments?post=111"}],"version-history":[{"count":14,"href":"https:\/\/lechantdesrivieres.org\/index.php\/wp-json\/wp\/v2\/pages\/111\/revisions"}],"predecessor-version":[{"id":511,"href":"https:\/\/lechantdesrivieres.org\/index.php\/wp-json\/wp\/v2\/pages\/111\/revisions\/511"}],"wp:attachment":[{"href":"https:\/\/lechantdesrivieres.org\/index.php\/wp-json\/wp\/v2\/media?parent=111"}],"curies":[{"name":"wp","href":"https:\/\/api.w.org\/{rel}","templated":true}]}}